{"id":6014,"date":"2025-01-04T17:34:48","date_gmt":"2025-01-04T16:34:48","guid":{"rendered":"https:\/\/berlinrealities.com\/denksyndikat\/07-weisheit-copy\/"},"modified":"2025-02-09T20:06:59","modified_gmt":"2025-02-09T19:06:59","slug":"08-macht-klassenkampf-befreiung","status":"publish","type":"page","link":"https:\/\/berlinrealities.com\/en\/denksyndikat\/08-macht-klassenkampf-befreiung\/","title":{"rendered":"08 Power, Class Struggle, Liberation"},"content":{"rendered":"<details class=\"wp-block-details is-layout-flow wp-block-details-is-layout-flow\" open><summary><\/summary><!--themify_builder_content-->\n<div id=\"themify_builder_content-6014\" data-postid=\"6014\" class=\"themify_builder_content themify_builder_content-6014 themify_builder tf_clear\">\n                    <div  data-css_id=\"91pb550\" data-lazy=\"1\" class=\"module_row themify_builder_row fullwidth tb_91pb550 tb_first tf_w\">\n                        <div class=\"row_inner col_align_top tb_col_count_1 tf_box tf_rel\">\n                        <div  data-lazy=\"1\" class=\"module_column tb-column col-full tb_2zd9111 first\">\n                    <!-- module image -->\n<div  class=\"module module-image tb_g38y500 image-center   auto_fullwidth tf_mw\" data-lazy=\"1\">\n        <div class=\"image-wrap tf_rel tf_mw\">\n            <a href=\"https:\/\/berlinrealities.com\/denksyndikat\">\n                   <img loading=\"lazy\" decoding=\"async\" width=\"610\" height=\"98\" src=\"https:\/\/berlinrealities.com\/wp-content\/uploads\/2022\/12\/denksyndikattitlegreen.svg\" class=\"wp-post-image wp-image-2206\" title=\"denksyndikattitlegreen\" alt=\"denksyndikattitlegreen\">        <\/a>\n    \n        <\/div>\n    <!-- \/image-wrap -->\n    \n        <\/div>\n<!-- \/module image -->        <\/div>\n                        <\/div>\n        <\/div>\n                        <div  data-lazy=\"1\" class=\"module_row themify_builder_row tb_5l6w060 tf_w\">\n                        <div class=\"row_inner col_align_top tb_col_count_1 tf_box tf_rel\">\n                        <div  data-lazy=\"1\" class=\"module_column tb-column col-full tb_tw32050 first\">\n                    <!-- module text -->\n<div  class=\"module module-text tb_y5yz000   \" data-lazy=\"1\">\n        <div  class=\"tb_text_wrap\">\n        <h1>08<br \/>Macht, Klassenkampf, Befreiung<\/h1>    <\/div>\n<\/div>\n<!-- \/module text -->        <\/div>\n                        <\/div>\n        <\/div>\n                        <div  data-css_id=\"y0uy000\" data-lazy=\"1\" class=\"module_row themify_builder_row fullwidth_row_container tb_y0uy000 tf_w\">\n                        <div class=\"row_inner col_align_top tb_col_count_1 tf_box tf_rel\">\n                        <div  data-lazy=\"1\" class=\"module_column tb-column col-full tb_g2tj104 first\">\n                    <!-- module image -->\n<div  class=\"module module-image tb_7ogm633 image-top   auto_fullwidth tf_mw\" data-lazy=\"1\">\n        <div class=\"image-wrap tf_rel tf_mw\">\n            <img loading=\"lazy\" decoding=\"async\" width=\"1456\" height=\"816\" src=\"https:\/\/berlinrealities.com\/wp-content\/uploads\/2025\/01\/macht-klassenkampf-unterdrueckung.jpg\" class=\"wp-post-image wp-image-6023\" title=\"macht-klassenkampf-unterdrueckung\" alt=\"macht-klassenkampf-unterdrueckung\" srcset=\"https:\/\/berlinrealities.com\/wp-content\/uploads\/2025\/01\/macht-klassenkampf-unterdrueckung.jpg 1456w, https:\/\/berlinrealities.com\/wp-content\/uploads\/2025\/01\/macht-klassenkampf-unterdrueckung-300x168.jpg 300w, https:\/\/berlinrealities.com\/wp-content\/uploads\/2025\/01\/macht-klassenkampf-unterdrueckung-1024x574.jpg 1024w, https:\/\/berlinrealities.com\/wp-content\/uploads\/2025\/01\/macht-klassenkampf-unterdrueckung-768x430.jpg 768w, https:\/\/berlinrealities.com\/wp-content\/uploads\/2025\/01\/macht-klassenkampf-unterdrueckung-18x10.jpg 18w\" sizes=\"auto, (max-width: 1456px) 100vw, 1456px\" \/>    \n        <\/div>\n    <!-- \/image-wrap -->\n    \n        <\/div>\n<!-- \/module image --><!-- module text -->\n<div  class=\"module module-text tb_g7z3520   \" data-lazy=\"1\">\n        <div  class=\"tb_text_wrap\">\n        <h2>Macht<\/h2>\n<p><strong>Herzk\u00f6nigin<\/strong>: \u201eAb mit dem Kopf!\u201c<\/p>\n<p><strong>Grinsekatze<\/strong>: \u201eHier sind wir alle verr\u00fcckt. Ich bin verr\u00fcckt. Du bist verr\u00fcckt.\u201c<\/p>\n<p><strong>Herzk\u00f6nigin<\/strong>: \u201eDie Strafe kommt vor dem Urteil.\u201c<\/p>\n<p><strong>Alice<\/strong>: \u201eIch glaube nicht, dass ich Ihnen folgen m\u00f6chte.\u201c<\/p>\n<p><strong>Maximilien Robespierre:<\/strong> \u201eDas Geheimnis der Freiheit liegt in der Erziehung, das Geheimnis der Macht in der Unterdr\u00fcckung.\u201c\u00a0<\/p>    <\/div>\n<\/div>\n<!-- \/module text -->        <\/div>\n                        <\/div>\n        <\/div>\n                        <div  data-lazy=\"1\" class=\"module_row themify_builder_row tb_qgj1535 tf_w\">\n                        <div class=\"row_inner col_align_top tb_col_count_1 tf_box tf_rel\">\n                        <div  data-lazy=\"1\" class=\"module_column tb-column col-full tb_dq7t000 first\">\n                    <!-- module text -->\n<div  class=\"module module-text tb_ee3d83   \" data-lazy=\"1\">\n        <div  class=\"tb_text_wrap\">\n        <p>Unser neues Thema wurde im letzten Denksyndikat von Claus angeregt.<\/p>    <\/div>\n<\/div>\n<!-- \/module text --><!-- module image -->\n<div  class=\"module module-image tb_u0zq535 image-top   tf_mw\" data-lazy=\"1\">\n        <div class=\"image-wrap tf_rel tf_mw\">\n            <img loading=\"lazy\" decoding=\"async\" width=\"1024\" height=\"1024\" src=\"https:\/\/berlinrealities.com\/wp-content\/uploads\/2025\/01\/macht-des-buergers.jpg\" class=\"wp-post-image wp-image-6027\" title=\"macht-des-buergers\" alt=\"macht-des-buergers\" srcset=\"https:\/\/berlinrealities.com\/wp-content\/uploads\/2025\/01\/macht-des-buergers.jpg 1024w, https:\/\/berlinrealities.com\/wp-content\/uploads\/2025\/01\/macht-des-buergers-300x300.jpg 300w, https:\/\/berlinrealities.com\/wp-content\/uploads\/2025\/01\/macht-des-buergers-150x150.jpg 150w, https:\/\/berlinrealities.com\/wp-content\/uploads\/2025\/01\/macht-des-buergers-768x768.jpg 768w, https:\/\/berlinrealities.com\/wp-content\/uploads\/2025\/01\/macht-des-buergers-12x12.jpg 12w, https:\/\/berlinrealities.com\/wp-content\/uploads\/2025\/01\/macht-des-buergers-800x800.jpg 800w, https:\/\/berlinrealities.com\/wp-content\/uploads\/2025\/01\/macht-des-buergers-960x960.jpg 960w, https:\/\/berlinrealities.com\/wp-content\/uploads\/2025\/01\/macht-des-buergers-860x860.jpg 860w, https:\/\/berlinrealities.com\/wp-content\/uploads\/2025\/01\/macht-des-buergers-890x890.jpg 890w\" sizes=\"auto, (max-width: 1024px) 100vw, 1024px\" \/>    \n        <\/div>\n    <!-- \/image-wrap -->\n    \n        <\/div>\n<!-- \/module image --><!-- module image -->\n<div  class=\"module module-image tb_ly9n278 image-top   tf_mw\" data-lazy=\"1\">\n        <div class=\"image-wrap tf_rel tf_mw\">\n            <img loading=\"lazy\" decoding=\"async\" width=\"1024\" height=\"1024\" src=\"https:\/\/berlinrealities.com\/wp-content\/uploads\/2025\/01\/macht-des-militaers.jpg\" class=\"wp-post-image wp-image-6028\" title=\"macht-des-militaers\" alt=\"macht-des-militaers\" srcset=\"https:\/\/berlinrealities.com\/wp-content\/uploads\/2025\/01\/macht-des-militaers.jpg 1024w, https:\/\/berlinrealities.com\/wp-content\/uploads\/2025\/01\/macht-des-militaers-300x300.jpg 300w, https:\/\/berlinrealities.com\/wp-content\/uploads\/2025\/01\/macht-des-militaers-150x150.jpg 150w, https:\/\/berlinrealities.com\/wp-content\/uploads\/2025\/01\/macht-des-militaers-768x768.jpg 768w, https:\/\/berlinrealities.com\/wp-content\/uploads\/2025\/01\/macht-des-militaers-12x12.jpg 12w, https:\/\/berlinrealities.com\/wp-content\/uploads\/2025\/01\/macht-des-militaers-860x860.jpg 860w, https:\/\/berlinrealities.com\/wp-content\/uploads\/2025\/01\/macht-des-militaers-890x890.jpg 890w\" sizes=\"auto, (max-width: 1024px) 100vw, 1024px\" \/>    \n        <\/div>\n    <!-- \/image-wrap -->\n    \n        <\/div>\n<!-- \/module image --><!-- module text -->\n<div  class=\"module module-text tb_ovy8557   \" data-lazy=\"1\">\n        <div  class=\"tb_text_wrap\">\n        <p><b>Vor welcher Macht hast du Angst? <\/b>Wir werden uns mit verschiedenen Formen der Macht fl\u00fcchtig auseinandersetzen und uns auf &#8222;Macht durch Wissen&#8220; und &#8222;Wissenshoheit&#8220; konzentrieren. <strong>In diesem Rahmen kannst du ein digitales Prepper- und Freiheitswerkzeug gewinnen.\u00a0<\/strong><\/p>    <\/div>\n<\/div>\n<!-- \/module text --><!-- module image -->\n<div  class=\"module module-image tb_fqgj760 image-top   tf_mw\" data-lazy=\"1\">\n        <div class=\"image-wrap tf_rel tf_mw\">\n            <img loading=\"lazy\" decoding=\"async\" width=\"1024\" height=\"1024\" src=\"https:\/\/berlinrealities.com\/wp-content\/uploads\/2025\/01\/braevheart-digitaller-prepper.jpg\" class=\"wp-post-image wp-image-6132\" title=\"braevheart-digitaller-prepper\" alt=\"braevheart-digitaller-prepper\" srcset=\"https:\/\/berlinrealities.com\/wp-content\/uploads\/2025\/01\/braevheart-digitaller-prepper.jpg 1024w, https:\/\/berlinrealities.com\/wp-content\/uploads\/2025\/01\/braevheart-digitaller-prepper-300x300.jpg 300w, https:\/\/berlinrealities.com\/wp-content\/uploads\/2025\/01\/braevheart-digitaller-prepper-150x150.jpg 150w, https:\/\/berlinrealities.com\/wp-content\/uploads\/2025\/01\/braevheart-digitaller-prepper-768x768.jpg 768w, https:\/\/berlinrealities.com\/wp-content\/uploads\/2025\/01\/braevheart-digitaller-prepper-12x12.jpg 12w, https:\/\/berlinrealities.com\/wp-content\/uploads\/2025\/01\/braevheart-digitaller-prepper-890x890.jpg 890w\" sizes=\"auto, (max-width: 1024px) 100vw, 1024px\" \/>    \n        <\/div>\n    <!-- \/image-wrap -->\n    \n        <\/div>\n<!-- \/module image --><!-- module text -->\n<div  class=\"module module-text tb_gkrr779   \" data-lazy=\"1\">\n        <div  class=\"tb_text_wrap\">\n        <p><strong>Michel Foucault<\/strong> hat die Beziehung zwischen Wissen und Macht detailliert untersucht. Er argumentiert, dass Macht durch Diskurse wirkt: Systeme von Wissen und Sprache, die bestimmen, was \u201ewahr\u201c oder \u201enormal\u201c ist.<\/p>\n<p><strong>Antonio Gramsci<\/strong> ist vor allem f\u00fcr seine Theorie der<strong> kulturellen Hegemonie<\/strong> bekannt, in der er beschreibt, wie der Staat und die herrschende kapitalistische Klasse \u2013 die Bourgeoisie \u2013 kulturelle Institutionen nutzen, um Reichtum und Macht in kapitalistischen Gesellschaften zu erhalten. Nach Gramscis Ansicht entwickelt die Bourgeoisie eine hegemoniale Kultur, indem sie Ideologie statt Gewalt, wirtschaftliche Macht oder Zwang einsetzt.<\/p>    <\/div>\n<\/div>\n<!-- \/module text --><!-- module image -->\n<div  class=\"module module-image tb_njl9773 image-top   tf_mw\" data-lazy=\"1\">\n        <div class=\"image-wrap tf_rel tf_mw\">\n            <img loading=\"lazy\" decoding=\"async\" width=\"288\" height=\"408\" src=\"https:\/\/berlinrealities.com\/wp-content\/uploads\/2025\/01\/Gramsci.png\" class=\"wp-post-image wp-image-6039\" title=\"Gramsci\" alt=\"Antonio Gramsci, um 1920\" srcset=\"https:\/\/berlinrealities.com\/wp-content\/uploads\/2025\/01\/Gramsci.png 288w, https:\/\/berlinrealities.com\/wp-content\/uploads\/2025\/01\/Gramsci-212x300.png 212w, https:\/\/berlinrealities.com\/wp-content\/uploads\/2025\/01\/Gramsci-8x12.png 8w\" sizes=\"auto, (max-width: 288px) 100vw, 288px\" \/>    \n        <\/div>\n    <!-- \/image-wrap -->\n    \n        <div class=\"image-content\">\n                        <div class=\"image-caption tb_text_wrap\">\n            Antonio Gramsci, um 1920        <\/div>\n        <!-- \/image-caption -->\n            <\/div>\n    <!-- \/image-content -->\n        <\/div>\n<!-- \/module image --><!-- module text -->\n<div  class=\"module module-text tb_2w4e304   \" data-lazy=\"1\">\n        <div  class=\"tb_text_wrap\">\n        <h2>Klassenkampf<\/h2>\n<p>Am 4. Dezember 2024 richtet Luigi Mangione in New York City mutma\u00dflich den Versicherungschefs Brian Thompson mit einer Pistole hin und eine gro\u00dfe Gemeinde bewundert und verehrt ihn seitdem.<\/p>    <\/div>\n<\/div>\n<!-- \/module text --><!-- module image -->\n<div  class=\"module module-image tb_gzac795 image-top   tf_mw\" data-lazy=\"1\">\n        <div class=\"image-wrap tf_rel tf_mw\">\n            <img loading=\"lazy\" decoding=\"async\" width=\"590\" height=\"960\" src=\"https:\/\/berlinrealities.com\/wp-content\/uploads\/2025\/01\/kiRIfWA.jpeg\" class=\"wp-post-image wp-image-6055\" title=\"kiRIfWA\" alt=\"Quelle: https:\/\/imgur.com\/gallery\/i-want-to-believe-this-is-true-RtgG2Ge\" srcset=\"https:\/\/berlinrealities.com\/wp-content\/uploads\/2025\/01\/kiRIfWA.jpeg 590w, https:\/\/berlinrealities.com\/wp-content\/uploads\/2025\/01\/kiRIfWA-184x300.jpeg 184w, https:\/\/berlinrealities.com\/wp-content\/uploads\/2025\/01\/kiRIfWA-7x12.jpeg 7w\" sizes=\"auto, (max-width: 590px) 100vw, 590px\" \/>    \n        <\/div>\n    <!-- \/image-wrap -->\n    \n        <div class=\"image-content\">\n                        <div class=\"image-caption tb_text_wrap\">\n            Quelle: https:\/\/imgur.com\/gallery\/i-want-to-believe-this-is-true-RtgG2Ge        <\/div>\n        <!-- \/image-caption -->\n            <\/div>\n    <!-- \/image-content -->\n        <\/div>\n<!-- \/module image --><!-- module text -->\n<div  class=\"module module-text tb_804d812   \" data-lazy=\"1\">\n        <div  class=\"tb_text_wrap\">\n        <p>Der Begriff Klasse gilt als \u00fcberholt, heute sprechen wir von vielschichtigen Milieus \u2013 oder ist die Kategorie \u201aKlasse\u2018 und der damit verbundene \u201aKlassenkampf\u2018 nach fortschreitender Polarisierung wieder aktuell geworden?<\/p>    <\/div>\n<\/div>\n<!-- \/module text --><!-- module image -->\n<div  class=\"module module-image tb_d8mm632 image-top   tf_mw\" data-lazy=\"1\">\n        <div class=\"image-wrap tf_rel tf_mw\">\n            <a href=\"https:\/\/commons.wikimedia.org\/w\/index.php?curid=68007799\">\n                   <img loading=\"lazy\" decoding=\"async\" width=\"900\" height=\"630\" src=\"https:\/\/berlinrealities.com\/wp-content\/uploads\/2025\/01\/Fahrrad_mit_Aktentasche_von_Rudi_Dutschke_am_Ort_des_Attentats-small.jpg\" class=\"wp-post-image wp-image-6642\" title=\"Fahrrad_mit_Aktentasche_von_Rudi_Dutschke_am_Ort_des_Attentats-small\" alt=\"Fahrrad mit Dutschkes Aktentasche am Ort des Attentats; Foto: PolizeiBerlin - Eigenes Werk, CC BY-SA 4.0\" srcset=\"https:\/\/berlinrealities.com\/wp-content\/uploads\/2025\/01\/Fahrrad_mit_Aktentasche_von_Rudi_Dutschke_am_Ort_des_Attentats-small.jpg 900w, https:\/\/berlinrealities.com\/wp-content\/uploads\/2025\/01\/Fahrrad_mit_Aktentasche_von_Rudi_Dutschke_am_Ort_des_Attentats-small-300x210.jpg 300w, https:\/\/berlinrealities.com\/wp-content\/uploads\/2025\/01\/Fahrrad_mit_Aktentasche_von_Rudi_Dutschke_am_Ort_des_Attentats-small-768x538.jpg 768w, https:\/\/berlinrealities.com\/wp-content\/uploads\/2025\/01\/Fahrrad_mit_Aktentasche_von_Rudi_Dutschke_am_Ort_des_Attentats-small-18x12.jpg 18w\" sizes=\"auto, (max-width: 900px) 100vw, 900px\" \/>        <\/a>\n    \n        <\/div>\n    <!-- \/image-wrap -->\n    \n        <div class=\"image-content\">\n                        <div class=\"image-caption tb_text_wrap\">\n            Fahrrad mit Dutschkes Aktentasche am Ort des Attentats; Foto: PolizeiBerlin &#8211; Eigenes Werk, CC BY-SA 4.0\n        <\/div>\n        <!-- \/image-caption -->\n            <\/div>\n    <!-- \/image-content -->\n        <\/div>\n<!-- \/module image --><!-- module text -->\n<div  class=\"module module-text tb_vc7u352   \" data-lazy=\"1\">\n        <div  class=\"tb_text_wrap\">\n        <p>Am 11. April 1968 ver\u00fcbte der junge Hilfsarbeiter Josef Bachmann vor dem B\u00fcro des Sozialistischen Deutschen Studentenbundes (SDS) am Kurf\u00fcrstendamm ein Attentat. Er rief \u201eDu dreckiges Kommunistenschwein!\u201c und feuerte dreimal auf Rudi Dutschke. Dabei traf er Dutschke zweimal am Kopf und einmal an der linken Schulter. Dutschke erlitt schwerwiegende Hirnverletzungen und \u00fcberlebte nur knapp dank einer mehrst\u00fcndigen Operation im Klinikum Westend.<\/p>\n<p>Josef Bachmann wurde wegen versuchten Mordes zu sieben Jahren Haft verurteilt. Rudi Dutschke schrieb ihm mehrere Briefe, in denen er betonte, keinen pers\u00f6nlichen Groll gegen ihn zu hegen, und versuchte, ihn f\u00fcr ein sozialistisches Engagement zu gewinnen. Dennoch nahm sich Bachmann am 24. Februar 1970 im Gef\u00e4ngnis nach mehreren vorherigen Versuchen das Leben. Dutschke bedauerte seinen Tod zutiefst und vermerkte in seinem Tagebuch: \u201eEr repr\u00e4sentierte die Beherrschung von unterdr\u00fcckt gehaltenen Menschen [&#8230;] der Kampf f\u00fcr die Befreiung hat gerade erst begonnen; leider kann Bachmann daran nun nicht mehr teilnehmen.\u201c<\/p>    <\/div>\n<\/div>\n<!-- \/module text --><!-- module image -->\n<div  class=\"module module-image tb_om12974 image-top   tf_mw\" data-lazy=\"1\">\n        <div class=\"image-wrap tf_rel tf_mw\">\n            <img loading=\"lazy\" decoding=\"async\" width=\"1920\" height=\"1280\" src=\"https:\/\/berlinrealities.com\/wp-content\/uploads\/2025\/01\/Protestas_en_Chile_20191022_11.jpg\" class=\"wp-post-image wp-image-6071\" title=\"Protestas_en_Chile_20191022_11\" alt=\"Protestas en Chile de 2019, Plaza Baquedano, Santiago, Chile; \nFoto: Carlos Figueroa\" srcset=\"https:\/\/berlinrealities.com\/wp-content\/uploads\/2025\/01\/Protestas_en_Chile_20191022_11.jpg 1920w, https:\/\/berlinrealities.com\/wp-content\/uploads\/2025\/01\/Protestas_en_Chile_20191022_11-300x200.jpg 300w, https:\/\/berlinrealities.com\/wp-content\/uploads\/2025\/01\/Protestas_en_Chile_20191022_11-1024x683.jpg 1024w, https:\/\/berlinrealities.com\/wp-content\/uploads\/2025\/01\/Protestas_en_Chile_20191022_11-768x512.jpg 768w, https:\/\/berlinrealities.com\/wp-content\/uploads\/2025\/01\/Protestas_en_Chile_20191022_11-1536x1024.jpg 1536w, https:\/\/berlinrealities.com\/wp-content\/uploads\/2025\/01\/Protestas_en_Chile_20191022_11-18x12.jpg 18w\" sizes=\"auto, (max-width: 1920px) 100vw, 1920px\" \/>    \n        <\/div>\n    <!-- \/image-wrap -->\n    \n        <div class=\"image-content\">\n                        <div class=\"image-caption tb_text_wrap\">\n            Protestas en Chile de 2019, Plaza Baquedano, Santiago, Chile; \nFoto: Carlos Figueroa\n        <\/div>\n        <!-- \/image-caption -->\n            <\/div>\n    <!-- \/image-content -->\n        <\/div>\n<!-- \/module image --><!-- module text -->\n<div  class=\"module module-text tb_3iwj638   \" data-lazy=\"1\">\n        <div  class=\"tb_text_wrap\">\n        <p>Die Proteste in Chile im Jahr 2019 umfassten eine Vielzahl von Demonstrationen, die ihren Ursprung in Santiago de Chile und weiteren St\u00e4dten des Landes hatten. Ausl\u00f6ser war eine Erh\u00f6hung der Kosten im \u00f6ffentlichen Dienst, die den Unmut \u00fcber die soziale Ungleichheit im Land verst\u00e4rkte.<\/p>\n<p>Was zun\u00e4chst als Reaktion auf diese Preiserh\u00f6hungen begann, entwickelte sich bald zu einer breiteren Bewegung, die tiefgreifende Reformen des Wirtschaftssystems und eine Neugestaltung der Verfassung forderte. Im Gegensatz zu den Sch\u00fcler- und Studentenprotesten in den Jahren 2011\u20132012 fand diese Protestwelle breite Unterst\u00fctzung in der gesamten Bev\u00f6lkerung.<\/p>\n    <\/div>\n<\/div>\n<!-- \/module text --><!-- module accordion -->\n<div  class=\"module module-accordion tb_7dbr647 \" data-behavior=\"toggle\" data-lazy=\"1\">\n    \n    <ul class=\"ui module-accordion  rounded red\">\n            <li>\n            <div class=\"accordion-title tf_rel\">\n                <a href=\"#acc-7dbr647-0\" class=\"tb_title_accordion\" aria-controls=\"acc-7dbr647-0-content\" aria-expanded=\"false\">\n                    <i class=\"accordion-icon\"><svg  class=\"tf_fa tf-ti-angle-down\" xmlns:xlink=\"http:\/\/www.w3.org\/1999\/xlink\" aria-hidden=\"true\"><use href=\"#tf-ti-angle-down\" xlink:href=\"#tf-ti-angle-down\"><\/use><\/svg><\/i>                    <i class=\"accordion-active-icon tf_hide\"><svg  class=\"tf_fa tf-ti-angle-up\" xmlns:xlink=\"http:\/\/www.w3.org\/1999\/xlink\" aria-hidden=\"true\"><use href=\"#tf-ti-angle-up\" xlink:href=\"#tf-ti-angle-up\"><\/use><\/svg><\/i>                    <span class=\"accordion-title-wrap\">War das eine erfolgreiche Revolution? Ein erfolgreicher Klassenkampf?<\/span>                <\/a>\n            <\/div><!-- .accordion-title -->\n            <div id=\"acc-7dbr647-0-content\" data-id=\"acc-7dbr647-0\" aria-hidden=\"true\" class=\"accordion-content tf_hide tf_clearfix\">\n                        <div  data-lazy=\"1\" class=\"module_subrow themify_builder_sub_row tf_w col_align_top tb_col_count_1 tb_dl1r768\">\n                <div  data-lazy=\"1\" class=\"module_column sub_column tb_59jl768 first\">\n                    <!-- module text -->\n<div  class=\"module module-text tb_vhan768   \" data-lazy=\"1\">\n        <div  class=\"tb_text_wrap\">\n        <p>Was seitdem geschah:<\/p>\n<h3>Erfolge der Proteste<\/h3>\n<p><strong>1. Verfassungsreform<\/strong>:<\/p>\n<p>Einer der zentralen Erfolge der Proteste war die Entscheidung, die aus der Pinochet-\u00c4ra stammende Verfassung durch eine neue zu ersetzen. Im Oktober 2020 stimmte die Bev\u00f6lkerung in einem Referendum mit gro\u00dfer Mehrheit f\u00fcr eine Verfassungsreform. Dieser Schritt wurde von vielen als ein Sieg der sozialen Bewegung und als ein Symbol des Fortschritts hin zu mehr sozialer Gerechtigkeit betrachtet.<\/p>\n<p>Allerdings wurde der erste Verfassungsentwurf sp\u00e4ter in einem weiteren Referendum im September 2022 abgelehnt, was zeigt, dass die Umsetzung der Reformen mit Hindernissen verbunden ist.<\/p>\n<p><strong>2. Bewusstseinswandel<\/strong>:<\/p>\n<p>Die Proteste haben die soziale Ungleichheit und die Unzufriedenheit mit dem neoliberalen Wirtschaftssystem in den Fokus ger\u00fcckt. Diese Themen sind seither zentrale Punkte der politischen Diskussion in Chile.<\/p>\n<p><strong>3. Politische Dynamik<\/strong>:<\/p>\n<p>Die Bewegung f\u00fchrte zur Wahl von Gabriel Boric zum Pr\u00e4sidenten im Jahr 2021, einem ehemaligen Anf\u00fchrer der Studentenproteste, der sich f\u00fcr soziale Reformen und den Kampf gegen Ungleichheit einsetzt.<\/p>\n<h3>Grenzen des Erfolgs<\/h3>\n<p><strong>1. Wirtschaftliche und soziale Ungleichheit<\/strong>:<\/p>\n<p>Trotz der Proteste und der politischen Reformversprechen bestehen viele der grundlegenden Probleme wie ungleiche Verm\u00f6gensverteilung, unzureichende Rentensysteme und mangelnder Zugang zu Bildung und Gesundheit weiterhin.<\/p>\n<p><strong>2. Spaltung in der Bev\u00f6lkerung<\/strong>:<\/p>\n<p>Die Ablehnung des ersten Verfassungsentwurfs zeigt, dass es keine einheitliche Unterst\u00fctzung f\u00fcr die vorgeschlagenen Reformen gab. Teile der Bev\u00f6lkerung waren besorgt \u00fcber die Radikalit\u00e4t der Ver\u00e4nderungen oder f\u00fchlten sich nicht ausreichend repr\u00e4sentiert.<\/p>\n<p><strong>3. Strukturelle Herausforderungen<\/strong>:<\/p>\n<p>Der Wandel von tief verwurzelten wirtschaftlichen und politischen Strukturen ist ein langfristiger Prozess. Ein einmaliger Protest reicht oft nicht aus, um diese vollst\u00e4ndig zu \u00fcberwinden.<\/p>    <\/div>\n<\/div>\n<!-- \/module text -->        <\/div>\n                    <\/div>\n                    <\/div><!-- .accordion-content -->\n        <\/li>\n        <\/ul>\n\n<\/div><!-- \/module accordion --><!-- module text -->\n<div  class=\"module module-text tb_506c154   \" data-lazy=\"1\">\n        <div  class=\"tb_text_wrap\">\n        <h2>Befreiung<\/h2>\n<p>Freiheit und Emazipation. Revolution und soziale Bewegung. Befreiung und Verantwortung&#8230; schon, aber wir suchen am Ende Anregungen zur individuellen Befreiung: von inneren Zw\u00e4ngen, sozialen Rollenerwartungen, ideologischen Manipulationen, Faulheit, Angst und Gewohnheit&#8230;<\/p>\n<p>Was ist die freiste und bequemste Version deiner selbst?<\/p>    <\/div>\n<\/div>\n<!-- \/module text --><!-- module image -->\n<div  class=\"module module-image tb_mpdi304 image-top   tf_mw\" data-lazy=\"1\">\n        <div class=\"image-wrap tf_rel tf_mw\">\n            <img loading=\"lazy\" decoding=\"async\" width=\"1024\" height=\"1024\" src=\"https:\/\/berlinrealities.com\/wp-content\/uploads\/2025\/01\/meditation-burger.jpg\" class=\"wp-post-image wp-image-6084\" title=\"meditation-burger\" alt=\"meditation-burger\" srcset=\"https:\/\/berlinrealities.com\/wp-content\/uploads\/2025\/01\/meditation-burger.jpg 1024w, https:\/\/berlinrealities.com\/wp-content\/uploads\/2025\/01\/meditation-burger-300x300.jpg 300w, https:\/\/berlinrealities.com\/wp-content\/uploads\/2025\/01\/meditation-burger-150x150.jpg 150w, https:\/\/berlinrealities.com\/wp-content\/uploads\/2025\/01\/meditation-burger-768x768.jpg 768w, https:\/\/berlinrealities.com\/wp-content\/uploads\/2025\/01\/meditation-burger-12x12.jpg 12w, https:\/\/berlinrealities.com\/wp-content\/uploads\/2025\/01\/meditation-burger-890x890.jpg 890w\" sizes=\"auto, (max-width: 1024px) 100vw, 1024px\" \/>    \n        <\/div>\n    <!-- \/image-wrap -->\n    \n        <\/div>\n<!-- \/module image -->        <\/div>\n                        <\/div>\n        <\/div>\n                        <div  data-css_id=\"ga3j054\" data-lazy=\"1\" class=\"module_row themify_builder_row fullwidth_row_container tb_ga3j054 tf_w\">\n                        <div class=\"row_inner col_align_top tb_col_count_1 tf_box tf_rel\">\n                        <div  data-lazy=\"1\" class=\"module_column tb-column col-full tb_7yyn105 first\">\n                            <\/div>\n                        <\/div>\n        <\/div>\n                        <div  data-lazy=\"1\" class=\"module_row themify_builder_row tb_gl83200 tf_w\">\n                        <div class=\"row_inner col_align_top tb_col_count_1 tf_box tf_rel\">\n                        <div  data-lazy=\"1\" class=\"module_column tb-column col-full tb_vo0r000 first\">\n                    <!-- module text -->\n<div  class=\"module module-text tb_z849052   \" data-lazy=\"1\">\n        <div  class=\"tb_text_wrap\">\n        <p><strong>Denksyndikat 08<\/strong><br \/>26.02.2025<br \/>18:30 Open doors<br \/>19:00 Start<br \/>22:00 End<\/p>    <\/div>\n<\/div>\n<!-- \/module text -->        <\/div>\n                        <\/div>\n        <\/div>\n                        <div  data-lazy=\"1\" class=\"module_row themify_builder_row tb_ya9m053 tf_w\">\n                        <div class=\"row_inner col_align_top tb_col_count_1 tf_box tf_rel\">\n                        <div  data-lazy=\"1\" class=\"module_column tb-column col-full tb_em1a220 first\">\n                    <!-- module text -->\n<div  class=\"module module-text tb_1aiy000   \" data-lazy=\"1\">\n        <div  class=\"tb_text_wrap\">\n        <p style=\"text-align: center;\"><strong>Hilfreiche Links zur Vorbereitung<\/strong><\/p>\n<p style=\"text-align: center;\" data-testid=\"pc_desc-Heading\"><a href=\"https:\/\/de.wikipedia.org\/wiki\/Antonio_Gramsci\" target=\"_blank\" rel=\"noopener\">Antonio Gramsci auf Wikipedia<\/a><\/p>\n<p style=\"text-align: center;\" data-testid=\"pc_desc-Heading\"><a href=\"https:\/\/de.wikipedia.org\/wiki\/Rudi_Dutschke\" target=\"_blank\" rel=\"noopener\">Rudi Dutschke auf Wikipedia<\/a><\/p>\n<p style=\"text-align: center;\" data-testid=\"pc_desc-Heading\"><a href=\"https:\/\/www.youtube.com\/watch?v=FlXnmVysQi4\" target=\"_blank\" rel=\"noopener\">Rudi Dutschke &#8211; Gesamtgesellschaftliche Bewusstlosigkeit (auf YouTube)<\/a><\/p>\n<p class=\"style-scope ytd-watch-metadata\" style=\"text-align: center;\"><a href=\"https:\/\/www.youtube.com\/watch?v=SeIsyuoNfOg\" target=\"_blank\" rel=\"noopener\">G\u00fcnter Gaus im Gespr\u00e4ch mit Rudi Dutschke (auf YouTube)<\/a><\/p>\n<p style=\"text-align: center;\"><a href=\"https:\/\/www.sinus-institut.de\/media-center\/presse\/sinus-jugendstudie-2024\" target=\"_blank\" rel=\"noopener\">Sinus-Milieus-Studie &#8222;Wie ticken Jugendliche?&#8220;<\/a><\/p>\n<p style=\"text-align: center;\"><a href=\"https:\/\/de.wikipedia.org\/wiki\/Proteste_in_Chile_2019\/2020\" target=\"_blank\" rel=\"noopener\">Proteste in Chile 2019\/2020 auf Wikipedia<\/a><\/p>\n<p style=\"text-align: center;\"><a href=\"https:\/\/www.arte.tv\/de\/videos\/122231-000-A\/breaking-social\/\" target=\"_blank\" rel=\"noopener\"><span class=\"ds-1aaoy10\">Breaking Social, <\/span><span class=\"ds-vpj6jt\">Symphonie des Widerstands (Doku auf Arte)<\/span><\/a><\/p>\n<p>\u00a0<\/p>    <\/div>\n<\/div>\n<!-- \/module text -->        <\/div>\n                        <\/div>\n        <\/div>\n                        <div  data-css_id=\"h9mb000\" data-lazy=\"1\" class=\"module_row themify_builder_row fullwidth_row_container tb_h9mb000 tf_w\">\n                        <div class=\"row_inner col_align_top tb_col_count_1 tf_box tf_rel\">\n                        <div  data-lazy=\"1\" class=\"module_column tb-column col-full tb_f4xb223 first\">\n                        <!-- module alert -->\n    <div  class=\"module ui module-alert tb_ymi0351 button-bottom-center light-green  rounded\" data-auto-close=\"\" data-module-id=\"tb_ymi0351\" data-alert-limit=\"\" data-lazy=\"1\">\n                <div class=\"alert-inner\">\n            <div class=\"alert-content\">\n                <h3 class=\"alert-heading\">Kostenbeitrag<\/h3>\n                <div class=\"tb_text_wrap\">\n                    7 EUR, in bar, vor Ort.                <\/div>\n            <\/div>\n            <!-- \/alert-content -->\n                            <div class=\"alert-button\">\n                    <a href=\"https:\/\/de.wikipedia.org\/wiki\/V%C3%B6llerei\" class=\"ui builder_button  green\" rel=&quot;noopener&quot; target=&quot;_blank&quot;>\n                        <span class=\"tb_alert_text\">Was passiert mit meinem Geld?<\/span>\n                    <\/a>\n                <\/div>\n                    <\/div>\n        <div class=\"alert-close tf_close\"><\/div>\n        <!-- \/alert-content -->\n    <\/div>\n    <!-- \/module alert -->\n        <\/div>\n                        <\/div>\n        <\/div>\n                        <div  data-lazy=\"1\" class=\"module_row themify_builder_row tb_6f90502 tf_w\">\n                        <div class=\"row_inner col_align_top tb_col_count_1 tf_box tf_rel\">\n                        <div  data-lazy=\"1\" class=\"module_column tb-column col-full tb_2uwt122 first\">\n                    <!-- module text -->\n<div  class=\"module module-text tb_gusc223   \" data-lazy=\"1\">\n        <div  class=\"tb_text_wrap\">\n        <p style=\"text-align: left;\">Du siehst diese Seite, hast aber noch keine Einladung mit Details, Anfahrt? Trage dich hier ein:<\/p>\n    <\/div>\n<\/div>\n<!-- \/module text --><!-- module contact -->\n<div  id=\"tb_4okm300\" class=\"module module-contact tb_4okm300 contact-style1 contactform\" data-lazy=\"1\">\n    \n\t<form class=\"builder-contact\"\n\t\tid=\"tb_4okm300-form\"\n\t\tmethod=\"post\"\n\t\tdata-post-id=\"6014\"\n\t\tdata-element-id=\"4okm300\"\n\t\tdata-orig-id=\"6014\"\n\t>\n    <div class=\"contact-message\"><\/div>\n\t<input type=\"hidden\" id=\"bc_nonce\" name=\"bc_nonce\" value=\"0b012887c0\" \/><input type=\"hidden\" name=\"_wp_http_referer\" value=\"\/en\/wp-json\/wp\/v2\/pages\/6014\" \/>\t<div class=\"builder-contact-fields tf_rel\">\n\t\t    \t\t    <div class=\"builder-contact-field builder-contact-field-name builder-contact-text-field\">\n\t\t\t    <label class=\"control-label\" for=\"tb_4okm300-contact-name\">\n\t\t\t\t\t\t\t\t\t\t<span class=\"tb-label-span\">Name <\/span><span class=\"required\">*<\/span>\t\t\t\t<\/label>\n\t\t\t    <div class=\"control-input tf_rel\">\n\t\t\t\t    \t\t\t\t\t    <input type=\"text\" name=\"contact-name\" placeholder=\"\" id=\"tb_4okm300-contact-name\" value=\"\" class=\"form-control\" required>\n\t\t\t\t    \t\t\t\t    \t\t\t    <\/div>\n\t\t<\/div>\n\t    \n\t\t    \t\t    <div class=\"builder-contact-field builder-contact-field-email builder-contact-text-field\">\n\t\t\t    <label class=\"control-label\" for=\"tb_4okm300-contact-email\">\n\t\t\t\t\t\t\t\t\t\t<span class=\"tb-label-span\">E-Mail <\/span><span class=\"required\">*<\/span>\t\t\t\t<\/label>\n\t\t\t    <div class=\"control-input tf_rel\">\n\t\t\t\t    \t\t\t\t\t    <input type=\"email\" name=\"contact-email\" placeholder=\"\" id=\"tb_4okm300-contact-email\" value=\"\" class=\"form-control\" required>\n\t\t\t\t    \t\t\t\t    \t\t\t    <\/div>\n\t\t<\/div>\n\t    \n\t\t    \t\t\n\t\t\t\t\t<div class=\"builder-contact-field builder-contact-field-gdpr\">\n\t\t\t\t<div class=\"control-label\">\n\t\t\t\t\t<div class=\"control-input tf_rel\">\n\t\t\t\t\t\t<label class=\"field-gdpr\">\n\t\t\t\t\t\t\t<input type=\"checkbox\" name=\"gdpr\" value=\"1\" required>\n\t\t\t\t\t\t\t<span>Ich willige ein, dass meine Daten von euch gespeichert werden. <\/span>\n\t\t\t\t\t\t\t<span class=\"required\">*<\/span>\n\t\t\t\t\t\t<\/label>\n\t\t\t\t\t<\/div>\n\t\t\t\t<\/div>\n\t\t\t<\/div>\n\t\t\n\t    \n\t    <div class=\"builder-contact-field builder-contact-field-send control-input tf_textr tf_clear tf_rel\">\n\t\t\t<button type=\"submit\" class=\"btn btn-primary\">\n\t\t\t\t<span class=\"tf_loader\"><\/span>\t\t\t\t<span class=\"tf_submit_icon\"><\/span> \n\t\t\t\tAbschicken\t\t\t<\/button>\n\t    <\/div>\n\t<\/div>\n    <\/form>\n    <\/div>\n<!-- \/module contact -->\n        <\/div>\n                        <\/div>\n        <\/div>\n                        <div  data-lazy=\"1\" class=\"module_row themify_builder_row tb_q5d7000 tf_w\">\n                        <div class=\"row_inner col_align_top tb_col_count_1 tf_box tf_rel\">\n                        <div  data-lazy=\"1\" class=\"module_column tb-column col-full tb_di45025 first\">\n                    <!-- module text -->\n<div  class=\"module module-text tb_do1y200   \" data-lazy=\"1\" id=\"fussnoten-2-2-2\">\n        <div  class=\"tb_text_wrap\">\n        <p>Denksyndikat<br \/>c\/o Berlin Realities GmbH<br \/>Schmiedehof 4<br \/>10965 Berlin<\/p>\n<p><a href=\"https:\/\/berlinrealities.com\/\">Home<\/a>\u00a0 \u00a0<a href=\"https:\/\/berlinrealities.com\/denksyndikat\/\">Das Denksyndikat<\/a> \u00a0\u00a0<a href=\"https:\/\/berlinrealities.com\/impressum\/\">Impressum<\/a><\/p>    <\/div>\n<\/div>\n<!-- \/module text -->        <\/div>\n                        <\/div>\n        <\/div>\n                        <div  data-css_id=\"oxsy000\" data-lazy=\"1\" class=\"module_row themify_builder_row fullwidth tb_oxsy000 tf_w\">\n                        <div class=\"row_inner col_align_top tb_col_count_3 tf_box tf_rel\">\n                        <div  data-lazy=\"1\" class=\"module_column tb-column col3-1 tb_liuw200 first\">\n                            <\/div>\n                    <div  data-lazy=\"1\" class=\"module_column tb-column col3-1 tb_aefv305\">\n                            <\/div>\n                    <div  data-lazy=\"1\" class=\"module_column tb-column col3-1 tb_mhxs330 last\">\n                            <\/div>\n                        <\/div>\n        <\/div>\n        <\/div>\n<!--\/themify_builder_content--><\/details>","protected":false},"excerpt":{"rendered":"<p>08Power, class struggle, liberation<\/p>","protected":false},"author":1,"featured_media":0,"parent":2153,"menu_order":0,"comment_status":"closed","ping_status":"closed","template":"","meta":{"inline_featured_image":false,"footnotes":""},"class_list":["post-6014","page","type-page","status-publish","hentry","has-post-title","has-post-date","has-post-category","has-post-tag","has-post-comment","has-post-author",""],"yoast_head":"<!-- This site is optimized with the Yoast SEO plugin v27.2 - https:\/\/yoast.com\/product\/yoast-seo-wordpress\/ -->\n<title>08 Macht, Klassenkampf, Befreiung &#8211; Berlin Realities<\/title>\n<meta name=\"robots\" content=\"index, follow, max-snippet:-1, max-image-preview:large, max-video-preview:-1\" \/>\n<link rel=\"canonical\" href=\"https:\/\/berlinrealities.com\/en\/denksyndikat\/08-macht-klassenkampf-befreiung\/\" \/>\n<meta property=\"og:locale\" content=\"en_GB\" \/>\n<meta property=\"og:type\" content=\"article\" \/>\n<meta property=\"og:title\" content=\"Denksyndikat 08\" \/>\n<meta property=\"og:description\" content=\"Macht, Klassenkampf, Befreiung, 26.02.2024\" \/>\n<meta property=\"og:url\" content=\"https:\/\/berlinrealities.com\/en\/denksyndikat\/08-macht-klassenkampf-befreiung\/\" \/>\n<meta property=\"og:site_name\" content=\"Berlin Realities\" \/>\n<meta property=\"article:modified_time\" content=\"2025-02-09T19:06:59+00:00\" \/>\n<meta property=\"og:image\" content=\"https:\/\/berlinrealities.com\/wp-content\/uploads\/2025\/01\/macht-klassenkampf-unterdrueckung.jpg\" \/>\n\t<meta property=\"og:image:width\" content=\"1456\" \/>\n\t<meta property=\"og:image:height\" content=\"816\" \/>\n\t<meta property=\"og:image:type\" content=\"image\/jpeg\" \/>\n<meta name=\"twitter:card\" content=\"summary_large_image\" \/>\n<meta name=\"twitter:image\" content=\"https:\/\/berlinrealities.com\/wp-content\/uploads\/2023\/09\/romantic-cowboys.jpg\" \/>\n<script type=\"application\/ld+json\" class=\"yoast-schema-graph\">{\"@context\":\"https:\/\/schema.org\",\"@graph\":[{\"@type\":\"WebPage\",\"@id\":\"https:\/\/berlinrealities.com\/denksyndikat\/08-macht-klassenkampf-befreiung\/\",\"url\":\"https:\/\/berlinrealities.com\/denksyndikat\/08-macht-klassenkampf-befreiung\/\",\"name\":\"08 Macht, Klassenkampf, Befreiung &#8211; Berlin Realities\",\"isPartOf\":{\"@id\":\"https:\/\/berlinrealities.com\/#website\"},\"primaryImageOfPage\":{\"@id\":\"https:\/\/berlinrealities.com\/denksyndikat\/08-macht-klassenkampf-befreiung\/#primaryimage\"},\"image\":{\"@id\":\"https:\/\/berlinrealities.com\/denksyndikat\/08-macht-klassenkampf-befreiung\/#primaryimage\"},\"thumbnailUrl\":\"https:\/\/berlinrealities.com\/wp-content\/uploads\/2022\/12\/denksyndikattitlegreen.svg\",\"datePublished\":\"2025-01-04T16:34:48+00:00\",\"dateModified\":\"2025-02-09T19:06:59+00:00\",\"breadcrumb\":{\"@id\":\"https:\/\/berlinrealities.com\/denksyndikat\/08-macht-klassenkampf-befreiung\/#breadcrumb\"},\"inLanguage\":\"en-GB\",\"potentialAction\":[{\"@type\":\"ReadAction\",\"target\":[\"https:\/\/berlinrealities.com\/denksyndikat\/08-macht-klassenkampf-befreiung\/\"]}]},{\"@type\":\"ImageObject\",\"inLanguage\":\"en-GB\",\"@id\":\"https:\/\/berlinrealities.com\/denksyndikat\/08-macht-klassenkampf-befreiung\/#primaryimage\",\"url\":\"https:\/\/berlinrealities.com\/wp-content\/uploads\/2022\/12\/denksyndikattitlegreen.svg\",\"contentUrl\":\"https:\/\/berlinrealities.com\/wp-content\/uploads\/2022\/12\/denksyndikattitlegreen.svg\"},{\"@type\":\"BreadcrumbList\",\"@id\":\"https:\/\/berlinrealities.com\/denksyndikat\/08-macht-klassenkampf-befreiung\/#breadcrumb\",\"itemListElement\":[{\"@type\":\"ListItem\",\"position\":1,\"name\":\"Startseite\",\"item\":\"https:\/\/berlinrealities.com\/\"},{\"@type\":\"ListItem\",\"position\":2,\"name\":\"Denksyndikat\",\"item\":\"https:\/\/berlinrealities.com\/denksyndikat\/\"},{\"@type\":\"ListItem\",\"position\":3,\"name\":\"08 Macht, Klassenkampf, Befreiung\"}]},{\"@type\":\"WebSite\",\"@id\":\"https:\/\/berlinrealities.com\/#website\",\"url\":\"https:\/\/berlinrealities.com\/\",\"name\":\"Berlin Realities\",\"description\":\"XR, Kommunikation, Design\",\"publisher\":{\"@id\":\"https:\/\/berlinrealities.com\/#organization\"},\"potentialAction\":[{\"@type\":\"SearchAction\",\"target\":{\"@type\":\"EntryPoint\",\"urlTemplate\":\"https:\/\/berlinrealities.com\/?s={search_term_string}\"},\"query-input\":{\"@type\":\"PropertyValueSpecification\",\"valueRequired\":true,\"valueName\":\"search_term_string\"}}],\"inLanguage\":\"en-GB\"},{\"@type\":\"Organization\",\"@id\":\"https:\/\/berlinrealities.com\/#organization\",\"name\":\"Berlin Realities GmbH\",\"url\":\"https:\/\/berlinrealities.com\/\",\"logo\":{\"@type\":\"ImageObject\",\"inLanguage\":\"en-GB\",\"@id\":\"https:\/\/berlinrealities.com\/#\/schema\/logo\/image\/\",\"url\":\"https:\/\/berlinrealities.com\/wp-content\/uploads\/2020\/08\/BerlinRealities-Logo.svg\",\"contentUrl\":\"https:\/\/berlinrealities.com\/wp-content\/uploads\/2020\/08\/BerlinRealities-Logo.svg\",\"width\":\"1024\",\"height\":\"1024\",\"caption\":\"Berlin Realities GmbH\"},\"image\":{\"@id\":\"https:\/\/berlinrealities.com\/#\/schema\/logo\/image\/\"}}]}<\/script>\n<!-- \/ Yoast SEO plugin. -->","yoast_head_json":{"title":"08 Power, Class Struggle, Liberation \u2013 Berlin Realities","robots":{"index":"index","follow":"follow","max-snippet":"max-snippet:-1","max-image-preview":"max-image-preview:large","max-video-preview":"max-video-preview:-1"},"canonical":"https:\/\/berlinrealities.com\/en\/denksyndikat\/08-macht-klassenkampf-befreiung\/","og_locale":"en_GB","og_type":"article","og_title":"Denksyndikat 08","og_description":"Macht, Klassenkampf, Befreiung, 26.02.2024","og_url":"https:\/\/berlinrealities.com\/en\/denksyndikat\/08-macht-klassenkampf-befreiung\/","og_site_name":"Berlin Realities","article_modified_time":"2025-02-09T19:06:59+00:00","og_image":[{"width":1456,"height":816,"url":"https:\/\/berlinrealities.com\/wp-content\/uploads\/2025\/01\/macht-klassenkampf-unterdrueckung.jpg","type":"image\/jpeg"}],"twitter_card":"summary_large_image","twitter_image":"https:\/\/berlinrealities.com\/wp-content\/uploads\/2023\/09\/romantic-cowboys.jpg","schema":{"@context":"https:\/\/schema.org","@graph":[{"@type":"WebPage","@id":"https:\/\/berlinrealities.com\/denksyndikat\/08-macht-klassenkampf-befreiung\/","url":"https:\/\/berlinrealities.com\/denksyndikat\/08-macht-klassenkampf-befreiung\/","name":"08 Power, Class Struggle, Liberation \u2013 Berlin Realities","isPartOf":{"@id":"https:\/\/berlinrealities.com\/#website"},"primaryImageOfPage":{"@id":"https:\/\/berlinrealities.com\/denksyndikat\/08-macht-klassenkampf-befreiung\/#primaryimage"},"image":{"@id":"https:\/\/berlinrealities.com\/denksyndikat\/08-macht-klassenkampf-befreiung\/#primaryimage"},"thumbnailUrl":"https:\/\/berlinrealities.com\/wp-content\/uploads\/2022\/12\/denksyndikattitlegreen.svg","datePublished":"2025-01-04T16:34:48+00:00","dateModified":"2025-02-09T19:06:59+00:00","breadcrumb":{"@id":"https:\/\/berlinrealities.com\/denksyndikat\/08-macht-klassenkampf-befreiung\/#breadcrumb"},"inLanguage":"en-GB","potentialAction":[{"@type":"ReadAction","target":["https:\/\/berlinrealities.com\/denksyndikat\/08-macht-klassenkampf-befreiung\/"]}]},{"@type":"ImageObject","inLanguage":"en-GB","@id":"https:\/\/berlinrealities.com\/denksyndikat\/08-macht-klassenkampf-befreiung\/#primaryimage","url":"https:\/\/berlinrealities.com\/wp-content\/uploads\/2022\/12\/denksyndikattitlegreen.svg","contentUrl":"https:\/\/berlinrealities.com\/wp-content\/uploads\/2022\/12\/denksyndikattitlegreen.svg"},{"@type":"BreadcrumbList","@id":"https:\/\/berlinrealities.com\/denksyndikat\/08-macht-klassenkampf-befreiung\/#breadcrumb","itemListElement":[{"@type":"ListItem","position":1,"name":"Startseite","item":"https:\/\/berlinrealities.com\/"},{"@type":"ListItem","position":2,"name":"Denksyndikat","item":"https:\/\/berlinrealities.com\/denksyndikat\/"},{"@type":"ListItem","position":3,"name":"08 Macht, Klassenkampf, Befreiung"}]},{"@type":"WebSite","@id":"https:\/\/berlinrealities.com\/#website","url":"https:\/\/berlinrealities.com\/","name":"Berlin realities","description":"XR, communication, design","publisher":{"@id":"https:\/\/berlinrealities.com\/#organization"},"potentialAction":[{"@type":"SearchAction","target":{"@type":"EntryPoint","urlTemplate":"https:\/\/berlinrealities.com\/?s={search_term_string}"},"query-input":{"@type":"PropertyValueSpecification","valueRequired":true,"valueName":"search_term_string"}}],"inLanguage":"en-GB"},{"@type":"Organization","@id":"https:\/\/berlinrealities.com\/#organization","name":"Berlin Realities GmbH","url":"https:\/\/berlinrealities.com\/","logo":{"@type":"ImageObject","inLanguage":"en-GB","@id":"https:\/\/berlinrealities.com\/#\/schema\/logo\/image\/","url":"https:\/\/berlinrealities.com\/wp-content\/uploads\/2020\/08\/BerlinRealities-Logo.svg","contentUrl":"https:\/\/berlinrealities.com\/wp-content\/uploads\/2020\/08\/BerlinRealities-Logo.svg","width":"1024","height":"1024","caption":"Berlin Realities GmbH"},"image":{"@id":"https:\/\/berlinrealities.com\/#\/schema\/logo\/image\/"}}]}},"builder_content":"<a href=\"https:\/\/berlinrealities.com\/denksyndikat\"> <img src=\"https:\/\/berlinrealities.com\/wp-content\/uploads\/2022\/12\/denksyndikattitlegreen.svg\" title=\"denksyndikattitlegreen\" alt=\"denksyndikattitlegreen\"> <\/a>\n<h1>08<br \/>Macht, Klassenkampf, Befreiung<\/h1>\n<img src=\"https:\/\/berlinrealities.com\/wp-content\/uploads\/2025\/01\/macht-klassenkampf-unterdrueckung.jpg\" title=\"macht-klassenkampf-unterdrueckung\" alt=\"macht-klassenkampf-unterdrueckung\" srcset=\"https:\/\/berlinrealities.com\/wp-content\/uploads\/2025\/01\/macht-klassenkampf-unterdrueckung.jpg 1456w, https:\/\/berlinrealities.com\/wp-content\/uploads\/2025\/01\/macht-klassenkampf-unterdrueckung-300x168.jpg 300w, https:\/\/berlinrealities.com\/wp-content\/uploads\/2025\/01\/macht-klassenkampf-unterdrueckung-1024x574.jpg 1024w, https:\/\/berlinrealities.com\/wp-content\/uploads\/2025\/01\/macht-klassenkampf-unterdrueckung-768x430.jpg 768w, https:\/\/berlinrealities.com\/wp-content\/uploads\/2025\/01\/macht-klassenkampf-unterdrueckung-18x10.jpg 18w\" sizes=\"(max-width: 1456px) 100vw, 1456px\" \/>\n<h2>Macht<\/h2> <p><strong>Herzk\u00f6nigin<\/strong>: \u201eAb mit dem Kopf!\u201c<\/p> <p><strong>Grinsekatze<\/strong>: \u201eHier sind wir alle verr\u00fcckt. Ich bin verr\u00fcckt. Du bist verr\u00fcckt.\u201c<\/p> <p><strong>Herzk\u00f6nigin<\/strong>: \u201eDie Strafe kommt vor dem Urteil.\u201c<\/p> <p><strong>Alice<\/strong>: \u201eIch glaube nicht, dass ich Ihnen folgen m\u00f6chte.\u201c<\/p> <p><strong>Maximilien Robespierre:<\/strong> \u201eDas Geheimnis der Freiheit liegt in der Erziehung, das Geheimnis der Macht in der Unterdr\u00fcckung.\u201c\u00a0<\/p>\n<p>Unser neues Thema wurde im letzten Denksyndikat von Claus angeregt.<\/p>\n<img src=\"https:\/\/berlinrealities.com\/wp-content\/uploads\/2025\/01\/macht-des-buergers.jpg\" title=\"macht-des-buergers\" alt=\"macht-des-buergers\" srcset=\"https:\/\/berlinrealities.com\/wp-content\/uploads\/2025\/01\/macht-des-buergers.jpg 1024w, https:\/\/berlinrealities.com\/wp-content\/uploads\/2025\/01\/macht-des-buergers-300x300.jpg 300w, https:\/\/berlinrealities.com\/wp-content\/uploads\/2025\/01\/macht-des-buergers-150x150.jpg 150w, https:\/\/berlinrealities.com\/wp-content\/uploads\/2025\/01\/macht-des-buergers-768x768.jpg 768w, https:\/\/berlinrealities.com\/wp-content\/uploads\/2025\/01\/macht-des-buergers-12x12.jpg 12w, https:\/\/berlinrealities.com\/wp-content\/uploads\/2025\/01\/macht-des-buergers-800x800.jpg 800w, https:\/\/berlinrealities.com\/wp-content\/uploads\/2025\/01\/macht-des-buergers-960x960.jpg 960w, https:\/\/berlinrealities.com\/wp-content\/uploads\/2025\/01\/macht-des-buergers-860x860.jpg 860w, https:\/\/berlinrealities.com\/wp-content\/uploads\/2025\/01\/macht-des-buergers-890x890.jpg 890w\" sizes=\"(max-width: 1024px) 100vw, 1024px\" \/>\n<img src=\"https:\/\/berlinrealities.com\/wp-content\/uploads\/2025\/01\/macht-des-militaers.jpg\" title=\"macht-des-militaers\" alt=\"macht-des-militaers\" srcset=\"https:\/\/berlinrealities.com\/wp-content\/uploads\/2025\/01\/macht-des-militaers.jpg 1024w, https:\/\/berlinrealities.com\/wp-content\/uploads\/2025\/01\/macht-des-militaers-300x300.jpg 300w, https:\/\/berlinrealities.com\/wp-content\/uploads\/2025\/01\/macht-des-militaers-150x150.jpg 150w, https:\/\/berlinrealities.com\/wp-content\/uploads\/2025\/01\/macht-des-militaers-768x768.jpg 768w, https:\/\/berlinrealities.com\/wp-content\/uploads\/2025\/01\/macht-des-militaers-12x12.jpg 12w, https:\/\/berlinrealities.com\/wp-content\/uploads\/2025\/01\/macht-des-militaers-860x860.jpg 860w, https:\/\/berlinrealities.com\/wp-content\/uploads\/2025\/01\/macht-des-militaers-890x890.jpg 890w\" sizes=\"(max-width: 1024px) 100vw, 1024px\" \/>\n<p><b>Vor welcher Macht hast du Angst? <\/b>Wir werden uns mit verschiedenen Formen der Macht fl\u00fcchtig auseinandersetzen und uns auf \"Macht durch Wissen\" und \"Wissenshoheit\" konzentrieren. <strong>In diesem Rahmen kannst du ein digitales Prepper- und Freiheitswerkzeug gewinnen.\u00a0<\/strong><\/p>\n<img src=\"https:\/\/berlinrealities.com\/wp-content\/uploads\/2025\/01\/braevheart-digitaller-prepper.jpg\" title=\"braevheart-digitaller-prepper\" alt=\"braevheart-digitaller-prepper\" srcset=\"https:\/\/berlinrealities.com\/wp-content\/uploads\/2025\/01\/braevheart-digitaller-prepper.jpg 1024w, https:\/\/berlinrealities.com\/wp-content\/uploads\/2025\/01\/braevheart-digitaller-prepper-300x300.jpg 300w, https:\/\/berlinrealities.com\/wp-content\/uploads\/2025\/01\/braevheart-digitaller-prepper-150x150.jpg 150w, https:\/\/berlinrealities.com\/wp-content\/uploads\/2025\/01\/braevheart-digitaller-prepper-768x768.jpg 768w, https:\/\/berlinrealities.com\/wp-content\/uploads\/2025\/01\/braevheart-digitaller-prepper-12x12.jpg 12w, https:\/\/berlinrealities.com\/wp-content\/uploads\/2025\/01\/braevheart-digitaller-prepper-890x890.jpg 890w\" sizes=\"(max-width: 1024px) 100vw, 1024px\" \/>\n<p><strong>Michel Foucault<\/strong> hat die Beziehung zwischen Wissen und Macht detailliert untersucht. Er argumentiert, dass Macht durch Diskurse wirkt: Systeme von Wissen und Sprache, die bestimmen, was \u201ewahr\u201c oder \u201enormal\u201c ist.<\/p> <p><strong>Antonio Gramsci<\/strong> ist vor allem f\u00fcr seine Theorie der<strong> kulturellen Hegemonie<\/strong> bekannt, in der er beschreibt, wie der Staat und die herrschende kapitalistische Klasse \u2013 die Bourgeoisie \u2013 kulturelle Institutionen nutzen, um Reichtum und Macht in kapitalistischen Gesellschaften zu erhalten. Nach Gramscis Ansicht entwickelt die Bourgeoisie eine hegemoniale Kultur, indem sie Ideologie statt Gewalt, wirtschaftliche Macht oder Zwang einsetzt.<\/p>\n<img src=\"https:\/\/berlinrealities.com\/wp-content\/uploads\/2025\/01\/Gramsci.png\" title=\"Gramsci\" alt=\"Antonio Gramsci, um 1920\" srcset=\"https:\/\/berlinrealities.com\/wp-content\/uploads\/2025\/01\/Gramsci.png 288w, https:\/\/berlinrealities.com\/wp-content\/uploads\/2025\/01\/Gramsci-212x300.png 212w, https:\/\/berlinrealities.com\/wp-content\/uploads\/2025\/01\/Gramsci-8x12.png 8w\" sizes=\"(max-width: 288px) 100vw, 288px\" \/> Antonio Gramsci, um 1920\n<h2>Klassenkampf<\/h2> <p>Am 4. Dezember 2024 richtet Luigi Mangione in New York City mutma\u00dflich den Versicherungschefs Brian Thompson mit einer Pistole hin und eine gro\u00dfe Gemeinde bewundert und verehrt ihn seitdem.<\/p>\n<img src=\"https:\/\/berlinrealities.com\/wp-content\/uploads\/2025\/01\/kiRIfWA.jpeg\" title=\"kiRIfWA\" alt=\"Quelle: https:\/\/imgur.com\/gallery\/i-want-to-believe-this-is-true-RtgG2Ge\" srcset=\"https:\/\/berlinrealities.com\/wp-content\/uploads\/2025\/01\/kiRIfWA.jpeg 590w, https:\/\/berlinrealities.com\/wp-content\/uploads\/2025\/01\/kiRIfWA-184x300.jpeg 184w, https:\/\/berlinrealities.com\/wp-content\/uploads\/2025\/01\/kiRIfWA-7x12.jpeg 7w\" sizes=\"(max-width: 590px) 100vw, 590px\" \/> Quelle: https:\/\/imgur.com\/gallery\/i-want-to-believe-this-is-true-RtgG2Ge\n<p>Der Begriff Klasse gilt als \u00fcberholt, heute sprechen wir von vielschichtigen Milieus \u2013 oder ist die Kategorie \u201aKlasse\u2018 und der damit verbundene \u201aKlassenkampf\u2018 nach fortschreitender Polarisierung wieder aktuell geworden?<\/p>\n<a href=\"https:\/\/commons.wikimedia.org\/w\/index.php?curid=68007799\"> <img src=\"https:\/\/berlinrealities.com\/wp-content\/uploads\/2025\/01\/Fahrrad_mit_Aktentasche_von_Rudi_Dutschke_am_Ort_des_Attentats-small.jpg\" title=\"Fahrrad_mit_Aktentasche_von_Rudi_Dutschke_am_Ort_des_Attentats-small\" alt=\"Fahrrad mit Dutschkes Aktentasche am Ort des Attentats; Foto: PolizeiBerlin - Eigenes Werk, CC BY-SA 4.0\" srcset=\"https:\/\/berlinrealities.com\/wp-content\/uploads\/2025\/01\/Fahrrad_mit_Aktentasche_von_Rudi_Dutschke_am_Ort_des_Attentats-small.jpg 900w, https:\/\/berlinrealities.com\/wp-content\/uploads\/2025\/01\/Fahrrad_mit_Aktentasche_von_Rudi_Dutschke_am_Ort_des_Attentats-small-300x210.jpg 300w, https:\/\/berlinrealities.com\/wp-content\/uploads\/2025\/01\/Fahrrad_mit_Aktentasche_von_Rudi_Dutschke_am_Ort_des_Attentats-small-768x538.jpg 768w, https:\/\/berlinrealities.com\/wp-content\/uploads\/2025\/01\/Fahrrad_mit_Aktentasche_von_Rudi_Dutschke_am_Ort_des_Attentats-small-18x12.jpg 18w\" sizes=\"(max-width: 900px) 100vw, 900px\" \/> <\/a> Fahrrad mit Dutschkes Aktentasche am Ort des Attentats; Foto: PolizeiBerlin - Eigenes Werk, CC BY-SA 4.0\n<p>Am 11. April 1968 ver\u00fcbte der junge Hilfsarbeiter Josef Bachmann vor dem B\u00fcro des Sozialistischen Deutschen Studentenbundes (SDS) am Kurf\u00fcrstendamm ein Attentat. Er rief \u201eDu dreckiges Kommunistenschwein!\u201c und feuerte dreimal auf Rudi Dutschke. Dabei traf er Dutschke zweimal am Kopf und einmal an der linken Schulter. Dutschke erlitt schwerwiegende Hirnverletzungen und \u00fcberlebte nur knapp dank einer mehrst\u00fcndigen Operation im Klinikum Westend.<\/p> <p>Josef Bachmann wurde wegen versuchten Mordes zu sieben Jahren Haft verurteilt. Rudi Dutschke schrieb ihm mehrere Briefe, in denen er betonte, keinen pers\u00f6nlichen Groll gegen ihn zu hegen, und versuchte, ihn f\u00fcr ein sozialistisches Engagement zu gewinnen. Dennoch nahm sich Bachmann am 24. Februar 1970 im Gef\u00e4ngnis nach mehreren vorherigen Versuchen das Leben. Dutschke bedauerte seinen Tod zutiefst und vermerkte in seinem Tagebuch: \u201eEr repr\u00e4sentierte die Beherrschung von unterdr\u00fcckt gehaltenen Menschen [...] der Kampf f\u00fcr die Befreiung hat gerade erst begonnen; leider kann Bachmann daran nun nicht mehr teilnehmen.\u201c<\/p>\n<img src=\"https:\/\/berlinrealities.com\/wp-content\/uploads\/2025\/01\/Protestas_en_Chile_20191022_11.jpg\" title=\"Protestas_en_Chile_20191022_11\" alt=\"Protestas en Chile de 2019, Plaza Baquedano, Santiago, Chile; Foto: Carlos Figueroa\" srcset=\"https:\/\/berlinrealities.com\/wp-content\/uploads\/2025\/01\/Protestas_en_Chile_20191022_11.jpg 1920w, https:\/\/berlinrealities.com\/wp-content\/uploads\/2025\/01\/Protestas_en_Chile_20191022_11-300x200.jpg 300w, https:\/\/berlinrealities.com\/wp-content\/uploads\/2025\/01\/Protestas_en_Chile_20191022_11-1024x683.jpg 1024w, https:\/\/berlinrealities.com\/wp-content\/uploads\/2025\/01\/Protestas_en_Chile_20191022_11-768x512.jpg 768w, https:\/\/berlinrealities.com\/wp-content\/uploads\/2025\/01\/Protestas_en_Chile_20191022_11-1536x1024.jpg 1536w, https:\/\/berlinrealities.com\/wp-content\/uploads\/2025\/01\/Protestas_en_Chile_20191022_11-18x12.jpg 18w\" sizes=\"(max-width: 1920px) 100vw, 1920px\" \/> Protestas en Chile de 2019, Plaza Baquedano, Santiago, Chile; Foto: Carlos Figueroa\n<p>Die Proteste in Chile im Jahr 2019 umfassten eine Vielzahl von Demonstrationen, die ihren Ursprung in Santiago de Chile und weiteren St\u00e4dten des Landes hatten. Ausl\u00f6ser war eine Erh\u00f6hung der Kosten im \u00f6ffentlichen Dienst, die den Unmut \u00fcber die soziale Ungleichheit im Land verst\u00e4rkte.<\/p> <p>Was zun\u00e4chst als Reaktion auf diese Preiserh\u00f6hungen begann, entwickelte sich bald zu einer breiteren Bewegung, die tiefgreifende Reformen des Wirtschaftssystems und eine Neugestaltung der Verfassung forderte. Im Gegensatz zu den Sch\u00fcler- und Studentenprotesten in den Jahren 2011\u20132012 fand diese Protestwelle breite Unterst\u00fctzung in der gesamten Bev\u00f6lkerung.<\/p>\n<ul><li><h4>War das eine erfolgreiche Revolution? Ein erfolgreicher Klassenkampf?<\/h4><p>Was seitdem geschah:<\/p> <h3>Erfolge der Proteste<\/h3> <p><strong>1. Verfassungsreform<\/strong>:<\/p> <p>Einer der zentralen Erfolge der Proteste war die Entscheidung, die aus der Pinochet-\u00c4ra stammende Verfassung durch eine neue zu ersetzen. Im Oktober 2020 stimmte die Bev\u00f6lkerung in einem Referendum mit gro\u00dfer Mehrheit f\u00fcr eine Verfassungsreform. Dieser Schritt wurde von vielen als ein Sieg der sozialen Bewegung und als ein Symbol des Fortschritts hin zu mehr sozialer Gerechtigkeit betrachtet.<\/p> <p>Allerdings wurde der erste Verfassungsentwurf sp\u00e4ter in einem weiteren Referendum im September 2022 abgelehnt, was zeigt, dass die Umsetzung der Reformen mit Hindernissen verbunden ist.<\/p> <p><strong>2. Bewusstseinswandel<\/strong>:<\/p> <p>Die Proteste haben die soziale Ungleichheit und die Unzufriedenheit mit dem neoliberalen Wirtschaftssystem in den Fokus ger\u00fcckt. Diese Themen sind seither zentrale Punkte der politischen Diskussion in Chile.<\/p> <p><strong>3. Politische Dynamik<\/strong>:<\/p> <p>Die Bewegung f\u00fchrte zur Wahl von Gabriel Boric zum Pr\u00e4sidenten im Jahr 2021, einem ehemaligen Anf\u00fchrer der Studentenproteste, der sich f\u00fcr soziale Reformen und den Kampf gegen Ungleichheit einsetzt.<\/p> <h3>Grenzen des Erfolgs<\/h3> <p><strong>1. Wirtschaftliche und soziale Ungleichheit<\/strong>:<\/p> <p>Trotz der Proteste und der politischen Reformversprechen bestehen viele der grundlegenden Probleme wie ungleiche Verm\u00f6gensverteilung, unzureichende Rentensysteme und mangelnder Zugang zu Bildung und Gesundheit weiterhin.<\/p> <p><strong>2. Spaltung in der Bev\u00f6lkerung<\/strong>:<\/p> <p>Die Ablehnung des ersten Verfassungsentwurfs zeigt, dass es keine einheitliche Unterst\u00fctzung f\u00fcr die vorgeschlagenen Reformen gab. Teile der Bev\u00f6lkerung waren besorgt \u00fcber die Radikalit\u00e4t der Ver\u00e4nderungen oder f\u00fchlten sich nicht ausreichend repr\u00e4sentiert.<\/p> <p><strong>3. Strukturelle Herausforderungen<\/strong>:<\/p> <p>Der Wandel von tief verwurzelten wirtschaftlichen und politischen Strukturen ist ein langfristiger Prozess. Ein einmaliger Protest reicht oft nicht aus, um diese vollst\u00e4ndig zu \u00fcberwinden.<\/p><\/li><\/ul>\n<p>Was seitdem geschah:<\/p> <h3>Erfolge der Proteste<\/h3> <p><strong>1. Verfassungsreform<\/strong>:<\/p> <p>Einer der zentralen Erfolge der Proteste war die Entscheidung, die aus der Pinochet-\u00c4ra stammende Verfassung durch eine neue zu ersetzen. Im Oktober 2020 stimmte die Bev\u00f6lkerung in einem Referendum mit gro\u00dfer Mehrheit f\u00fcr eine Verfassungsreform. Dieser Schritt wurde von vielen als ein Sieg der sozialen Bewegung und als ein Symbol des Fortschritts hin zu mehr sozialer Gerechtigkeit betrachtet.<\/p> <p>Allerdings wurde der erste Verfassungsentwurf sp\u00e4ter in einem weiteren Referendum im September 2022 abgelehnt, was zeigt, dass die Umsetzung der Reformen mit Hindernissen verbunden ist.<\/p> <p><strong>2. Bewusstseinswandel<\/strong>:<\/p> <p>Die Proteste haben die soziale Ungleichheit und die Unzufriedenheit mit dem neoliberalen Wirtschaftssystem in den Fokus ger\u00fcckt. Diese Themen sind seither zentrale Punkte der politischen Diskussion in Chile.<\/p> <p><strong>3. Politische Dynamik<\/strong>:<\/p> <p>Die Bewegung f\u00fchrte zur Wahl von Gabriel Boric zum Pr\u00e4sidenten im Jahr 2021, einem ehemaligen Anf\u00fchrer der Studentenproteste, der sich f\u00fcr soziale Reformen und den Kampf gegen Ungleichheit einsetzt.<\/p> <h3>Grenzen des Erfolgs<\/h3> <p><strong>1. Wirtschaftliche und soziale Ungleichheit<\/strong>:<\/p> <p>Trotz der Proteste und der politischen Reformversprechen bestehen viele der grundlegenden Probleme wie ungleiche Verm\u00f6gensverteilung, unzureichende Rentensysteme und mangelnder Zugang zu Bildung und Gesundheit weiterhin.<\/p> <p><strong>2. Spaltung in der Bev\u00f6lkerung<\/strong>:<\/p> <p>Die Ablehnung des ersten Verfassungsentwurfs zeigt, dass es keine einheitliche Unterst\u00fctzung f\u00fcr die vorgeschlagenen Reformen gab. Teile der Bev\u00f6lkerung waren besorgt \u00fcber die Radikalit\u00e4t der Ver\u00e4nderungen oder f\u00fchlten sich nicht ausreichend repr\u00e4sentiert.<\/p> <p><strong>3. Strukturelle Herausforderungen<\/strong>:<\/p> <p>Der Wandel von tief verwurzelten wirtschaftlichen und politischen Strukturen ist ein langfristiger Prozess. Ein einmaliger Protest reicht oft nicht aus, um diese vollst\u00e4ndig zu \u00fcberwinden.<\/p>\n<h2>Befreiung<\/h2> <p>Freiheit und Emazipation. Revolution und soziale Bewegung. Befreiung und Verantwortung... schon, aber wir suchen am Ende Anregungen zur individuellen Befreiung: von inneren Zw\u00e4ngen, sozialen Rollenerwartungen, ideologischen Manipulationen, Faulheit, Angst und Gewohnheit...<\/p> <p>Was ist die freiste und bequemste Version deiner selbst?<\/p>\n<img src=\"https:\/\/berlinrealities.com\/wp-content\/uploads\/2025\/01\/meditation-burger.jpg\" title=\"meditation-burger\" alt=\"meditation-burger\" srcset=\"https:\/\/berlinrealities.com\/wp-content\/uploads\/2025\/01\/meditation-burger.jpg 1024w, https:\/\/berlinrealities.com\/wp-content\/uploads\/2025\/01\/meditation-burger-300x300.jpg 300w, https:\/\/berlinrealities.com\/wp-content\/uploads\/2025\/01\/meditation-burger-150x150.jpg 150w, https:\/\/berlinrealities.com\/wp-content\/uploads\/2025\/01\/meditation-burger-768x768.jpg 768w, https:\/\/berlinrealities.com\/wp-content\/uploads\/2025\/01\/meditation-burger-12x12.jpg 12w, https:\/\/berlinrealities.com\/wp-content\/uploads\/2025\/01\/meditation-burger-890x890.jpg 890w\" sizes=\"(max-width: 1024px) 100vw, 1024px\" \/>\n<p><strong>Denksyndikat 08<\/strong><br \/>26.02.2025<br \/>18:30 Open doors<br \/>19:00 Start<br \/>22:00 End<\/p>\n<p style=\"text-align: center;\"><strong>Hilfreiche Links zur Vorbereitung<\/strong><\/p> <p style=\"text-align: center;\" data-testid=\"pc_desc-Heading\"><a href=\"https:\/\/de.wikipedia.org\/wiki\/Antonio_Gramsci\" target=\"_blank\" rel=\"noopener\">Antonio Gramsci auf Wikipedia<\/a><\/p> <p style=\"text-align: center;\" data-testid=\"pc_desc-Heading\"><a href=\"https:\/\/de.wikipedia.org\/wiki\/Rudi_Dutschke\" target=\"_blank\" rel=\"noopener\">Rudi Dutschke auf Wikipedia<\/a><\/p> <p style=\"text-align: center;\" data-testid=\"pc_desc-Heading\"><a href=\"https:\/\/www.youtube.com\/watch?v=FlXnmVysQi4\" target=\"_blank\" rel=\"noopener\">Rudi Dutschke - Gesamtgesellschaftliche Bewusstlosigkeit (auf YouTube)<\/a><\/p> <p style=\"text-align: center;\"><a href=\"https:\/\/www.youtube.com\/watch?v=SeIsyuoNfOg\" target=\"_blank\" rel=\"noopener\">G\u00fcnter Gaus im Gespr\u00e4ch mit Rudi Dutschke (auf YouTube)<\/a><\/p> <p style=\"text-align: center;\"><a href=\"https:\/\/www.sinus-institut.de\/media-center\/presse\/sinus-jugendstudie-2024\" target=\"_blank\" rel=\"noopener\">Sinus-Milieus-Studie \"Wie ticken Jugendliche?\"<\/a><\/p> <p style=\"text-align: center;\"><a href=\"https:\/\/de.wikipedia.org\/wiki\/Proteste_in_Chile_2019\/2020\" target=\"_blank\" rel=\"noopener\">Proteste in Chile 2019\/2020 auf Wikipedia<\/a><\/p> <p style=\"text-align: center;\"><a href=\"https:\/\/www.arte.tv\/de\/videos\/122231-000-A\/breaking-social\/\" target=\"_blank\" rel=\"noopener\">Breaking Social, Symphonie des Widerstands (Doku auf Arte)<\/a><\/p> <p>\u00a0<\/p>\n<h3>Kostenbeitrag<\/h3> 7 EUR, in bar, vor Ort. <a href=\"https:\/\/de.wikipedia.org\/wiki\/V%C3%B6llerei\" rel=&quot;noopener&quot; target=&quot;_blank&quot;> Was passiert mit meinem Geld? <\/a>\n<p style=\"text-align: left;\">Du siehst diese Seite, hast aber noch keine Einladung mit Details, Anfahrt? Trage dich hier ein:<\/p>\n<form id=\"tb_4okm300-form\" method=\"post\" data-post-id=\"0\" data-element-id=\"4okm300\" data-orig-id=\"6014\" > <input type=\"hidden\" id=\"bc_nonce\" name=\"bc_nonce\" value=\"0b012887c0\" \/><input type=\"hidden\" name=\"_wp_http_referer\" value=\"\/en\/wp-json\/wp\/v2\/pages\/6014\" \/> <label for=\"tb_4okm300-contact-name\"> Name * <\/label> <input type=\"text\" name=\"contact-name\" placeholder=\"\" id=\"tb_4okm300-contact-name\" value=\"\" required> <label for=\"tb_4okm300-contact-email\"> E-Mail * <\/label> <input type=\"email\" name=\"contact-email\" placeholder=\"\" id=\"tb_4okm300-contact-email\" value=\"\" required> <label> <input type=\"checkbox\" name=\"gdpr\" value=\"1\" required> Ich willige ein, dass meine Daten von euch gespeichert werden. * <\/label> <button type=\"submit\"> Abschicken <\/button> <\/form>\n<p>Denksyndikat<br \/>c\/o Berlin Realities GmbH<br \/>Schmiedehof 4<br \/>10965 Berlin<\/p> <p><a href=\"https:\/\/berlinrealities.com\/\">Home<\/a>\u00a0 \u00a0<a href=\"https:\/\/berlinrealities.com\/denksyndikat\/\">Das Denksyndikat<\/a> \u00a0\u00a0<a href=\"https:\/\/berlinrealities.com\/impressum\/\">Impressum<\/a><\/p>","_links":{"self":[{"href":"https:\/\/berlinrealities.com\/en\/wp-json\/wp\/v2\/pages\/6014","targetHints":{"allow":["GET"]}}],"collection":[{"href":"https:\/\/berlinrealities.com\/en\/wp-json\/wp\/v2\/pages"}],"about":[{"href":"https:\/\/berlinrealities.com\/en\/wp-json\/wp\/v2\/types\/page"}],"author":[{"embeddable":true,"href":"https:\/\/berlinrealities.com\/en\/wp-json\/wp\/v2\/users\/1"}],"replies":[{"embeddable":true,"href":"https:\/\/berlinrealities.com\/en\/wp-json\/wp\/v2\/comments?post=6014"}],"version-history":[{"count":144,"href":"https:\/\/berlinrealities.com\/en\/wp-json\/wp\/v2\/pages\/6014\/revisions"}],"predecessor-version":[{"id":6730,"href":"https:\/\/berlinrealities.com\/en\/wp-json\/wp\/v2\/pages\/6014\/revisions\/6730"}],"up":[{"embeddable":true,"href":"https:\/\/berlinrealities.com\/en\/wp-json\/wp\/v2\/pages\/2153"}],"wp:attachment":[{"href":"https:\/\/berlinrealities.com\/en\/wp-json\/wp\/v2\/media?parent=6014"}],"curies":[{"name":"wp","href":"https:\/\/api.w.org\/{rel}","templated":true}]}}